{"id":1705,"date":"2021-12-20T20:28:51","date_gmt":"2021-12-20T20:28:51","guid":{"rendered":"https:\/\/primorcosmetics.com\/markak\/calvin-klein\/"},"modified":"2022-07-05T13:30:45","modified_gmt":"2022-07-05T13:30:45","slug":"calvin-klein","status":"publish","type":"page","link":"https:\/\/primorcosmetics.com\/hu\/markak-old\/calvin-klein\/","title":{"rendered":"CALVIN KLEIN"},"content":{"rendered":"\t\t<div data-elementor-type=\"wp-page\" data-elementor-id=\"1705\" class=\"elementor elementor-1705 elementor-338\" data-elementor-post-type=\"page\">\n\t\t\t\t\t\t<section class=\"elementor-section elementor-top-section elementor-element elementor-element-1a60289 elementor-section-boxed elementor-section-height-default elementor-section-height-default\" data-id=\"1a60289\" data-element_type=\"section\">\n\t\t\t\t\t\t<div class=\"elementor-container elementor-column-gap-default\">\n\t\t\t\t\t<div class=\"elementor-column elementor-col-100 elementor-top-column elementor-element elementor-element-bbd7392\" data-id=\"bbd7392\" data-element_type=\"column\">\n\t\t\t<div class=\"elementor-widget-wrap\">\n\t\t\t\t\t\t\t<\/div>\n\t\t<\/div>\n\t\t\t\t\t<\/div>\n\t\t<\/section>\n\t\t\t\t<section class=\"elementor-section elementor-top-section elementor-element elementor-element-895bee5 elementor-section-boxed elementor-section-height-default elementor-section-height-default\" data-id=\"895bee5\" data-element_type=\"section\">\n\t\t\t\t\t\t<div class=\"elementor-container elementor-column-gap-default\">\n\t\t\t\t\t<div class=\"elementor-column elementor-col-100 elementor-top-column elementor-element elementor-element-d7443bc\" data-id=\"d7443bc\" data-element_type=\"column\">\n\t\t\t<div class=\"elementor-widget-wrap elementor-element-populated\">\n\t\t\t\t\t\t<div class=\"elementor-element elementor-element-de978f0 elementor-widget elementor-widget-spacer\" data-id=\"de978f0\" data-element_type=\"widget\" data-widget_type=\"spacer.default\">\n\t\t\t\t<div class=\"elementor-widget-container\">\n\t\t\t\t\t\t\t<div class=\"elementor-spacer\">\n\t\t\t<div class=\"elementor-spacer-inner\"><\/div>\n\t\t<\/div>\n\t\t\t\t\t\t<\/div>\n\t\t\t\t<\/div>\n\t\t\t\t\t<\/div>\n\t\t<\/div>\n\t\t\t\t\t<\/div>\n\t\t<\/section>\n\t\t\t\t<section class=\"elementor-section elementor-top-section elementor-element elementor-element-522204b elementor-section-boxed elementor-section-height-default elementor-section-height-default\" data-id=\"522204b\" data-element_type=\"section\">\n\t\t\t\t\t\t<div class=\"elementor-container elementor-column-gap-default\">\n\t\t\t\t\t<div class=\"elementor-column elementor-col-100 elementor-top-column elementor-element elementor-element-a90f324\" data-id=\"a90f324\" data-element_type=\"column\">\n\t\t\t<div class=\"elementor-widget-wrap elementor-element-populated\">\n\t\t\t\t\t\t<div class=\"elementor-element elementor-element-f9c6f60 elementor-widget elementor-widget-heading\" data-id=\"f9c6f60\" data-element_type=\"widget\" data-widget_type=\"heading.default\">\n\t\t\t\t<div class=\"elementor-widget-container\">\n\t\t\t\t\t<h1 class=\"elementor-heading-title elementor-size-default\">CALVIN KLEIN<\/h1>\t\t\t\t<\/div>\n\t\t\t\t<\/div>\n\t\t\t\t\t<\/div>\n\t\t<\/div>\n\t\t\t\t\t<\/div>\n\t\t<\/section>\n\t\t\t\t<section class=\"elementor-section elementor-top-section elementor-element elementor-element-5bebc7f elementor-section-boxed elementor-section-height-default elementor-section-height-default\" data-id=\"5bebc7f\" data-element_type=\"section\">\n\t\t\t\t\t\t<div class=\"elementor-container elementor-column-gap-default\">\n\t\t\t\t\t<div class=\"elementor-column elementor-col-100 elementor-top-column elementor-element elementor-element-44198d4\" data-id=\"44198d4\" data-element_type=\"column\">\n\t\t\t<div class=\"elementor-widget-wrap elementor-element-populated\">\n\t\t\t\t\t\t<div class=\"elementor-element elementor-element-04171c3 elementor-widget elementor-widget-spacer\" data-id=\"04171c3\" data-element_type=\"widget\" data-widget_type=\"spacer.default\">\n\t\t\t\t<div class=\"elementor-widget-container\">\n\t\t\t\t\t\t\t<div class=\"elementor-spacer\">\n\t\t\t<div class=\"elementor-spacer-inner\"><\/div>\n\t\t<\/div>\n\t\t\t\t\t\t<\/div>\n\t\t\t\t<\/div>\n\t\t\t\t\t<\/div>\n\t\t<\/div>\n\t\t\t\t\t<\/div>\n\t\t<\/section>\n\t\t\t\t<section class=\"elementor-section elementor-top-section elementor-element elementor-element-896add9 elementor-section-boxed elementor-section-height-default elementor-section-height-default\" data-id=\"896add9\" data-element_type=\"section\">\n\t\t\t\t\t\t<div class=\"elementor-container elementor-column-gap-default\">\n\t\t\t\t\t<div class=\"elementor-column elementor-col-50 elementor-top-column elementor-element elementor-element-3e24276\" data-id=\"3e24276\" data-element_type=\"column\">\n\t\t\t<div class=\"elementor-widget-wrap elementor-element-populated\">\n\t\t\t\t\t\t<div class=\"elementor-element elementor-element-4f9bd72 elementor-widget elementor-widget-text-editor\" data-id=\"4f9bd72\" data-element_type=\"widget\" data-widget_type=\"text-editor.default\">\n\t\t\t\t<div class=\"elementor-widget-container\">\n\t\t\t\t\t\t\t\t\t<p>Kih\u00edv\u00f3. Modern. \u00c9rz\u00e9ki. Ikonikus.<\/p><p>A vil\u00e1g egyik vezet\u0151 pr\u00e9mium divatm\u00e1rk\u00e1jak\u00e9nt a Calvin Klein a modern \u00e9s minimalista st\u00edlus szinonim\u00e1ja. A Calvin Klein m\u00e1ra nem csup\u00e1n egy m\u00e1rka, hanem egy \u00e9letst\u00edlus is: mer\u00e9sz \u00e9s progressz\u00edv \u00f6tleteir\u0151l \u00e9s cs\u00e1b\u00edt\u00f3, gyakran minimalista sz\u00e9ps\u00e9gide\u00e1ljair\u00f3l azonnal felismerhet\u0151. Mindezek a tulajdons\u00e1gok a Calvin Klein parf\u00fcm\u00f6k alkot\u00e1sakor is visszak\u00f6sz\u00f6nnek. A 90-es \u00e9vekben bevezet\u00e9sre ker\u00fcl\u0151 CK One illatvonalba tartoz\u00f3 unisex parf\u00fcm\u00f6k megv\u00e1ltoztatt\u00e1k az illatokkal kapcsolatos norm\u00e1kat, hiszen ez\u00e1ltal az illatoknak m\u00e1r nem kell er\u0151sen f\u00e9rfiasnak vagy \u00e9ppen finom n\u0151iesnek lenni\u00fck. Ezek az illatok k\u00f6nnyedek, j\u00e1t\u00e9kosak \u00e9s minimalist\u00e1k, melyeket mindk\u00e9t nem b\u00e1tran viselhet. A Calvin Klein parf\u00fcm\u00f6k rendk\u00edv\u00fcli sokf\u00e9les\u00e9g\u00e9t mutatja, hogy tal\u00e1lhatunk k\u00f6z\u00f6tt\u00fck olyan \u00e9rz\u00e9ki \u00e9s erotikus illatokat, mint p\u00e9ld\u00e1ul az Euphoria \u00e9s az Obsession, \u00e9pp\u00fagy, mint az \u00f6r\u00f6kk\u00e9 tart\u00f3 szerelmet szimboliz\u00e1l\u00f3 Eternity illatp\u00e1rt.<\/p>\t\t\t\t\t\t\t\t<\/div>\n\t\t\t\t<\/div>\n\t\t\t\t<div class=\"elementor-element elementor-element-78291fc elementor-widget elementor-widget-heading\" data-id=\"78291fc\" data-element_type=\"widget\" data-widget_type=\"heading.default\">\n\t\t\t\t<div class=\"elementor-widget-container\">\n\t\t\t\t\t<h2 class=\"elementor-heading-title elementor-size-default\">CALVIN KLEIN \u00e9rt\u00e9kek<\/h2>\t\t\t\t<\/div>\n\t\t\t\t<\/div>\n\t\t\t\t<div class=\"elementor-element elementor-element-51a330c elementor-widget elementor-widget-text-editor\" data-id=\"51a330c\" data-element_type=\"widget\" data-widget_type=\"text-editor.default\">\n\t\t\t\t<div class=\"elementor-widget-container\">\n\t\t\t\t\t\t\t\t\t<p>Modern \u00e9s nem ijed meg a ma \u00faj norm\u00e1it\u00f3l, az egyik legfontosabb \u00e9rt\u00e9k a m\u00e1rka \u00e9let\u00e9ben a hiteless\u00e9g. A luxus \u00e9s a hanyag szexepil kombin\u00e1ci\u00f3ja.<\/p>\t\t\t\t\t\t\t\t<\/div>\n\t\t\t\t<\/div>\n\t\t\t\t<div class=\"elementor-element elementor-element-9d504d0 elementor-widget elementor-widget-heading\" data-id=\"9d504d0\" data-element_type=\"widget\" data-widget_type=\"heading.default\">\n\t\t\t\t<div class=\"elementor-widget-container\">\n\t\t\t\t\t<h2 class=\"elementor-heading-title elementor-size-default\">CALVIN KLEIN t\u00f6rt\u00e9nete<\/h2>\t\t\t\t<\/div>\n\t\t\t\t<\/div>\n\t\t\t\t<div class=\"elementor-element elementor-element-5562f13 elementor-widget elementor-widget-text-editor\" data-id=\"5562f13\" data-element_type=\"widget\" data-widget_type=\"text-editor.default\">\n\t\t\t\t<div class=\"elementor-widget-container\">\n\t\t\t\t\t\t\t\t\t<p>Calvin Klein bronx-i sz\u00fclet\u00e9s\u0171, zsid\u00f3-magyar sz\u00e1rmaz\u00e1s\u00fa tervez\u0151, aki szeg\u00e9ny sorb\u00f3l k\u00fczd\u00f6tte fel mag\u00e1t. B\u00fcszke volt sz\u00e1rmaz\u00e1s\u00e1ra, \u00e9s nem felejtette el soha, hogy honnan j\u00f6tt. A designer-farmerek ir\u00e1nti \u0151r\u00fcletet az v\u00e1ltotta ki t\u00f6bbek k\u00f6zt, hogy els\u0151k\u00e9nt \u0151 nyomta r\u00e1 nev\u00e9t a farmernadr\u00e1g h\u00e1ts\u00f3 zseb\u00e9re. Majd ezt k\u00f6vett\u00e9k a f\u00e9rfi als\u00f3kon is megjelen\u0151 hatalmas m\u00e1rkajelz\u00e9sek. Els\u0151 illata 1985-ben jelent meg Obsession n\u00e9ven, melyet megsz\u00e1llott munkatemp\u00f3ja ihletett, \u00e9s eg\u00e9szen \u00fajszer\u0171 m\u00f3don az els\u0151 f\u00e9rfi illat lett, melyet egy n\u0151 (Kate Moss) rekl\u00e1mozott. A Calvin Klein lett az els\u0151 m\u00e1rka, amely 1994-ben unisex illatot k\u00e9sz\u00edtett, \u00edgy kamp\u00e1nyolva a nemek megk\u00fcl\u00f6nb\u00f6ztet\u00e9se ellen. 2016-ban az \u00faj\u00edt\u00f3 szeml\u00e9let\u0171 n\u00e9pszer\u0171 tervez\u0151, Raf Simons csatlakozott a m\u00e1rk\u00e1hoz, akinek \u00faj kollekci\u00f3j\u00e1t gy\u00f6ngyszemk\u00e9nt aposztrof\u00e1lt\u00e1k.<\/p>\t\t\t\t\t\t\t\t<\/div>\n\t\t\t\t<\/div>\n\t\t\t\t<div class=\"elementor-element elementor-element-58ca072 elementor-align-center elementor-widget elementor-widget-button\" data-id=\"58ca072\" data-element_type=\"widget\" data-widget_type=\"button.default\">\n\t\t\t\t<div class=\"elementor-widget-container\">\n\t\t\t\t\t\t\t\t\t<div class=\"elementor-button-wrapper\">\n\t\t\t\t\t<a class=\"elementor-button elementor-button-link elementor-size-sm\" href=\"https:\/\/primorcosmetics.com\/hu\/kapcsolat\/\">\n\t\t\t\t\t\t<span class=\"elementor-button-content-wrapper\">\n\t\t\t\t\t\t\t\t\t<span class=\"elementor-button-text\">Kapcsolat<\/span>\n\t\t\t\t\t<\/span>\n\t\t\t\t\t<\/a>\n\t\t\t\t<\/div>\n\t\t\t\t\t\t\t\t<\/div>\n\t\t\t\t<\/div>\n\t\t\t\t\t<\/div>\n\t\t<\/div>\n\t\t\t\t<div class=\"elementor-column elementor-col-50 elementor-top-column elementor-element elementor-element-a2affe2\" data-id=\"a2affe2\" data-element_type=\"column\">\n\t\t\t<div class=\"elementor-widget-wrap elementor-element-populated\">\n\t\t\t\t\t\t<div class=\"elementor-element elementor-element-7fe6cd9 elementor-widget elementor-widget-image\" data-id=\"7fe6cd9\" data-element_type=\"widget\" data-widget_type=\"image.default\">\n\t\t\t\t<div class=\"elementor-widget-container\">\n\t\t\t\t\t\t\t\t\t\t\t\t\t\t\t<img fetchpriority=\"high\" decoding=\"async\" width=\"724\" height=\"1024\" src=\"https:\/\/primorcosmetics.com\/wp-content\/uploads\/2022\/01\/CAK_CKEO_EDP_22_Media_KV_DUO_SP_LR-724x1024.jpg\" class=\"attachment-large size-large wp-image-1497\" alt=\"ck parf\u00fcm\" srcset=\"https:\/\/primorcosmetics.com\/wp-content\/uploads\/2022\/01\/CAK_CKEO_EDP_22_Media_KV_DUO_SP_LR-724x1024.jpg 724w, https:\/\/primorcosmetics.com\/wp-content\/uploads\/2022\/01\/CAK_CKEO_EDP_22_Media_KV_DUO_SP_LR-212x300.jpg 212w, https:\/\/primorcosmetics.com\/wp-content\/uploads\/2022\/01\/CAK_CKEO_EDP_22_Media_KV_DUO_SP_LR-768x1086.jpg 768w, https:\/\/primorcosmetics.com\/wp-content\/uploads\/2022\/01\/CAK_CKEO_EDP_22_Media_KV_DUO_SP_LR-1086x1536.jpg 1086w, https:\/\/primorcosmetics.com\/wp-content\/uploads\/2022\/01\/CAK_CKEO_EDP_22_Media_KV_DUO_SP_LR.jpg 1240w\" sizes=\"(max-width: 724px) 100vw, 724px\" \/>\t\t\t\t\t\t\t\t\t\t\t\t\t\t\t<\/div>\n\t\t\t\t<\/div>\n\t\t\t\t\t<\/div>\n\t\t<\/div>\n\t\t\t\t\t<\/div>\n\t\t<\/section>\n\t\t\t\t<\/div>\n\t\t","protected":false},"excerpt":{"rendered":"<p>CALVIN KLEIN Kih\u00edv\u00f3. Modern. \u00c9rz\u00e9ki. Ikonikus. A vil\u00e1g egyik vezet\u0151 pr\u00e9mium divatm\u00e1rk\u00e1jak\u00e9nt a Calvin Klein a modern \u00e9s minimalista st\u00edlus szinonim\u00e1ja. A Calvin Klein m\u00e1ra nem csup\u00e1n egy m\u00e1rka, hanem egy \u00e9letst\u00edlus is: mer\u00e9sz \u00e9s progressz\u00edv \u00f6tleteir\u0151l \u00e9s cs\u00e1b\u00edt\u00f3, gyakran minimalista sz\u00e9ps\u00e9gide\u00e1ljair\u00f3l azonnal felismerhet\u0151. Mindezek a tulajdons\u00e1gok a Calvin Klein parf\u00fcm\u00f6k alkot\u00e1sakor is visszak\u00f6sz\u00f6nnek. A [&hellip;]<\/p>\n","protected":false},"author":2,"featured_media":0,"parent":1659,"menu_order":0,"comment_status":"closed","ping_status":"closed","template":"","meta":{"footnotes":""},"class_list":["post-1705","page","type-page","status-publish","hentry"],"yoast_head":"<!-- This site is optimized with the Yoast SEO plugin v25.7 - https:\/\/yoast.com\/wordpress\/plugins\/seo\/ -->\n<title>CALVIN KLEIN - Prim\u0151r Cosmetics<\/title>\n<meta name=\"description\" content=\"Ismerd meg m\u00e1rk\u00e1inkat: Calvin Klein a vil\u00e1g egyik vezet\u0151 pr\u00e9mium divatm\u00e1rk\u00e1ja\" \/>\n<meta name=\"robots\" content=\"index, follow, max-snippet:-1, max-image-preview:large, max-video-preview:-1\" \/>\n<link rel=\"canonical\" href=\"https:\/\/primorcosmetics.com\/hu\/markak-old\/calvin-klein\/\" \/>\n<meta property=\"og:locale\" content=\"hu_HU\" \/>\n<meta property=\"og:type\" content=\"article\" \/>\n<meta property=\"og:title\" content=\"CALVIN KLEIN - Prim\u0151r Cosmetics\" \/>\n<meta property=\"og:description\" content=\"Ismerd meg m\u00e1rk\u00e1inkat: Calvin Klein a vil\u00e1g egyik vezet\u0151 pr\u00e9mium divatm\u00e1rk\u00e1ja\" \/>\n<meta property=\"og:url\" content=\"https:\/\/primorcosmetics.com\/hu\/markak-old\/calvin-klein\/\" \/>\n<meta property=\"og:site_name\" content=\"Prim\u0151r Cosmetics\" \/>\n<meta property=\"article:publisher\" content=\"https:\/\/www.facebook.com\/primorcosmetics\" \/>\n<meta property=\"article:modified_time\" content=\"2022-07-05T13:30:45+00:00\" \/>\n<meta property=\"og:image\" content=\"https:\/\/primorcosmetics.com\/wp-content\/uploads\/2022\/01\/CAK_CKEO_EDP_22_Media_KV_DUO_SP_LR-724x1024.jpg\" \/>\n<meta name=\"twitter:card\" content=\"summary_large_image\" \/>\n<meta name=\"twitter:label1\" content=\"Becs\u00fclt olvas\u00e1si id\u0151\" \/>\n\t<meta name=\"twitter:data1\" content=\"2 perc\" \/>\n<script type=\"application\/ld+json\" class=\"yoast-schema-graph\">{\"@context\":\"https:\/\/schema.org\",\"@graph\":[{\"@type\":\"WebPage\",\"@id\":\"https:\/\/primorcosmetics.com\/hu\/markak-old\/calvin-klein\/\",\"url\":\"https:\/\/primorcosmetics.com\/hu\/markak-old\/calvin-klein\/\",\"name\":\"CALVIN KLEIN - Prim\u0151r Cosmetics\",\"isPartOf\":{\"@id\":\"https:\/\/primorcosmetics.com\/#website\"},\"primaryImageOfPage\":{\"@id\":\"https:\/\/primorcosmetics.com\/hu\/markak-old\/calvin-klein\/#primaryimage\"},\"image\":{\"@id\":\"https:\/\/primorcosmetics.com\/hu\/markak-old\/calvin-klein\/#primaryimage\"},\"thumbnailUrl\":\"https:\/\/primorcosmetics.com\/wp-content\/uploads\/2022\/01\/CAK_CKEO_EDP_22_Media_KV_DUO_SP_LR-724x1024.jpg\",\"datePublished\":\"2021-12-20T20:28:51+00:00\",\"dateModified\":\"2022-07-05T13:30:45+00:00\",\"description\":\"Ismerd meg m\u00e1rk\u00e1inkat: Calvin Klein a vil\u00e1g egyik vezet\u0151 pr\u00e9mium divatm\u00e1rk\u00e1ja\",\"breadcrumb\":{\"@id\":\"https:\/\/primorcosmetics.com\/hu\/markak-old\/calvin-klein\/#breadcrumb\"},\"inLanguage\":\"hu\",\"potentialAction\":[{\"@type\":\"ReadAction\",\"target\":[\"https:\/\/primorcosmetics.com\/hu\/markak-old\/calvin-klein\/\"]}]},{\"@type\":\"ImageObject\",\"inLanguage\":\"hu\",\"@id\":\"https:\/\/primorcosmetics.com\/hu\/markak-old\/calvin-klein\/#primaryimage\",\"url\":\"https:\/\/primorcosmetics.com\/wp-content\/uploads\/2022\/01\/CAK_CKEO_EDP_22_Media_KV_DUO_SP_LR-724x1024.jpg\",\"contentUrl\":\"https:\/\/primorcosmetics.com\/wp-content\/uploads\/2022\/01\/CAK_CKEO_EDP_22_Media_KV_DUO_SP_LR-724x1024.jpg\"},{\"@type\":\"BreadcrumbList\",\"@id\":\"https:\/\/primorcosmetics.com\/hu\/markak-old\/calvin-klein\/#breadcrumb\",\"itemListElement\":[{\"@type\":\"ListItem\",\"position\":1,\"name\":\"Home\",\"item\":\"https:\/\/primorcosmetics.com\/hu\/\"},{\"@type\":\"ListItem\",\"position\":2,\"name\":\"M\u00e1rk\u00e1k\",\"item\":\"https:\/\/primorcosmetics.com\/hu\/markak-old\/\"},{\"@type\":\"ListItem\",\"position\":3,\"name\":\"CALVIN KLEIN\"}]},{\"@type\":\"WebSite\",\"@id\":\"https:\/\/primorcosmetics.com\/#website\",\"url\":\"https:\/\/primorcosmetics.com\/\",\"name\":\"Prim\u0151r Cosmetics\",\"description\":\"Prim\u0151r Cosmetics Leading Hungarian beauty and cosmetics distributor\",\"publisher\":{\"@id\":\"https:\/\/primorcosmetics.com\/#organization\"},\"potentialAction\":[{\"@type\":\"SearchAction\",\"target\":{\"@type\":\"EntryPoint\",\"urlTemplate\":\"https:\/\/primorcosmetics.com\/?s={search_term_string}\"},\"query-input\":{\"@type\":\"PropertyValueSpecification\",\"valueRequired\":true,\"valueName\":\"search_term_string\"}}],\"inLanguage\":\"hu\"},{\"@type\":\"Organization\",\"@id\":\"https:\/\/primorcosmetics.com\/#organization\",\"name\":\"Prim\u0151r Kozmetikai Kft.\",\"url\":\"https:\/\/primorcosmetics.com\/\",\"logo\":{\"@type\":\"ImageObject\",\"inLanguage\":\"hu\",\"@id\":\"https:\/\/primorcosmetics.com\/#\/schema\/logo\/image\/\",\"url\":\"https:\/\/primorcosmetics.com\/wp-content\/uploads\/2021\/12\/Primor_logo_icon_lockup_color.jpg\",\"contentUrl\":\"https:\/\/primorcosmetics.com\/wp-content\/uploads\/2021\/12\/Primor_logo_icon_lockup_color.jpg\",\"width\":1920,\"height\":1080,\"caption\":\"Prim\u0151r Kozmetikai Kft.\"},\"image\":{\"@id\":\"https:\/\/primorcosmetics.com\/#\/schema\/logo\/image\/\"},\"sameAs\":[\"https:\/\/www.facebook.com\/primorcosmetics\",\"https:\/\/www.instagram.com\/primorcosmetics\/\",\"https:\/\/www.linkedin.com\/company\/primorcosmetics\/mycompany\/\",\"https:\/\/www.youtube.com\/channel\/UCd3Uei375tM1XLkCMPhALWQ\"]}]}<\/script>\n<!-- \/ Yoast SEO plugin. -->","yoast_head_json":{"title":"CALVIN KLEIN - Prim\u0151r Cosmetics","description":"Ismerd meg m\u00e1rk\u00e1inkat: Calvin Klein a vil\u00e1g egyik vezet\u0151 pr\u00e9mium divatm\u00e1rk\u00e1ja","robots":{"index":"index","follow":"follow","max-snippet":"max-snippet:-1","max-image-preview":"max-image-preview:large","max-video-preview":"max-video-preview:-1"},"canonical":"https:\/\/primorcosmetics.com\/hu\/markak-old\/calvin-klein\/","og_locale":"hu_HU","og_type":"article","og_title":"CALVIN KLEIN - Prim\u0151r Cosmetics","og_description":"Ismerd meg m\u00e1rk\u00e1inkat: Calvin Klein a vil\u00e1g egyik vezet\u0151 pr\u00e9mium divatm\u00e1rk\u00e1ja","og_url":"https:\/\/primorcosmetics.com\/hu\/markak-old\/calvin-klein\/","og_site_name":"Prim\u0151r Cosmetics","article_publisher":"https:\/\/www.facebook.com\/primorcosmetics","article_modified_time":"2022-07-05T13:30:45+00:00","og_image":[{"url":"https:\/\/primorcosmetics.com\/wp-content\/uploads\/2022\/01\/CAK_CKEO_EDP_22_Media_KV_DUO_SP_LR-724x1024.jpg","type":"","width":"","height":""}],"twitter_card":"summary_large_image","twitter_misc":{"Becs\u00fclt olvas\u00e1si id\u0151":"2 perc"},"schema":{"@context":"https:\/\/schema.org","@graph":[{"@type":"WebPage","@id":"https:\/\/primorcosmetics.com\/hu\/markak-old\/calvin-klein\/","url":"https:\/\/primorcosmetics.com\/hu\/markak-old\/calvin-klein\/","name":"CALVIN KLEIN - Prim\u0151r Cosmetics","isPartOf":{"@id":"https:\/\/primorcosmetics.com\/#website"},"primaryImageOfPage":{"@id":"https:\/\/primorcosmetics.com\/hu\/markak-old\/calvin-klein\/#primaryimage"},"image":{"@id":"https:\/\/primorcosmetics.com\/hu\/markak-old\/calvin-klein\/#primaryimage"},"thumbnailUrl":"https:\/\/primorcosmetics.com\/wp-content\/uploads\/2022\/01\/CAK_CKEO_EDP_22_Media_KV_DUO_SP_LR-724x1024.jpg","datePublished":"2021-12-20T20:28:51+00:00","dateModified":"2022-07-05T13:30:45+00:00","description":"Ismerd meg m\u00e1rk\u00e1inkat: Calvin Klein a vil\u00e1g egyik vezet\u0151 pr\u00e9mium divatm\u00e1rk\u00e1ja","breadcrumb":{"@id":"https:\/\/primorcosmetics.com\/hu\/markak-old\/calvin-klein\/#breadcrumb"},"inLanguage":"hu","potentialAction":[{"@type":"ReadAction","target":["https:\/\/primorcosmetics.com\/hu\/markak-old\/calvin-klein\/"]}]},{"@type":"ImageObject","inLanguage":"hu","@id":"https:\/\/primorcosmetics.com\/hu\/markak-old\/calvin-klein\/#primaryimage","url":"https:\/\/primorcosmetics.com\/wp-content\/uploads\/2022\/01\/CAK_CKEO_EDP_22_Media_KV_DUO_SP_LR-724x1024.jpg","contentUrl":"https:\/\/primorcosmetics.com\/wp-content\/uploads\/2022\/01\/CAK_CKEO_EDP_22_Media_KV_DUO_SP_LR-724x1024.jpg"},{"@type":"BreadcrumbList","@id":"https:\/\/primorcosmetics.com\/hu\/markak-old\/calvin-klein\/#breadcrumb","itemListElement":[{"@type":"ListItem","position":1,"name":"Home","item":"https:\/\/primorcosmetics.com\/hu\/"},{"@type":"ListItem","position":2,"name":"M\u00e1rk\u00e1k","item":"https:\/\/primorcosmetics.com\/hu\/markak-old\/"},{"@type":"ListItem","position":3,"name":"CALVIN KLEIN"}]},{"@type":"WebSite","@id":"https:\/\/primorcosmetics.com\/#website","url":"https:\/\/primorcosmetics.com\/","name":"Prim\u0151r Cosmetics","description":"Prim\u0151r Cosmetics Leading Hungarian beauty and cosmetics distributor","publisher":{"@id":"https:\/\/primorcosmetics.com\/#organization"},"potentialAction":[{"@type":"SearchAction","target":{"@type":"EntryPoint","urlTemplate":"https:\/\/primorcosmetics.com\/?s={search_term_string}"},"query-input":{"@type":"PropertyValueSpecification","valueRequired":true,"valueName":"search_term_string"}}],"inLanguage":"hu"},{"@type":"Organization","@id":"https:\/\/primorcosmetics.com\/#organization","name":"Prim\u0151r Kozmetikai Kft.","url":"https:\/\/primorcosmetics.com\/","logo":{"@type":"ImageObject","inLanguage":"hu","@id":"https:\/\/primorcosmetics.com\/#\/schema\/logo\/image\/","url":"https:\/\/primorcosmetics.com\/wp-content\/uploads\/2021\/12\/Primor_logo_icon_lockup_color.jpg","contentUrl":"https:\/\/primorcosmetics.com\/wp-content\/uploads\/2021\/12\/Primor_logo_icon_lockup_color.jpg","width":1920,"height":1080,"caption":"Prim\u0151r Kozmetikai Kft."},"image":{"@id":"https:\/\/primorcosmetics.com\/#\/schema\/logo\/image\/"},"sameAs":["https:\/\/www.facebook.com\/primorcosmetics","https:\/\/www.instagram.com\/primorcosmetics\/","https:\/\/www.linkedin.com\/company\/primorcosmetics\/mycompany\/","https:\/\/www.youtube.com\/channel\/UCd3Uei375tM1XLkCMPhALWQ"]}]}},"_links":{"self":[{"href":"https:\/\/primorcosmetics.com\/hu\/wp-json\/wp\/v2\/pages\/1705","targetHints":{"allow":["GET"]}}],"collection":[{"href":"https:\/\/primorcosmetics.com\/hu\/wp-json\/wp\/v2\/pages"}],"about":[{"href":"https:\/\/primorcosmetics.com\/hu\/wp-json\/wp\/v2\/types\/page"}],"author":[{"embeddable":true,"href":"https:\/\/primorcosmetics.com\/hu\/wp-json\/wp\/v2\/users\/2"}],"replies":[{"embeddable":true,"href":"https:\/\/primorcosmetics.com\/hu\/wp-json\/wp\/v2\/comments?post=1705"}],"version-history":[{"count":3,"href":"https:\/\/primorcosmetics.com\/hu\/wp-json\/wp\/v2\/pages\/1705\/revisions"}],"predecessor-version":[{"id":1708,"href":"https:\/\/primorcosmetics.com\/hu\/wp-json\/wp\/v2\/pages\/1705\/revisions\/1708"}],"up":[{"embeddable":true,"href":"https:\/\/primorcosmetics.com\/hu\/wp-json\/wp\/v2\/pages\/1659"}],"wp:attachment":[{"href":"https:\/\/primorcosmetics.com\/hu\/wp-json\/wp\/v2\/media?parent=1705"}],"curies":[{"name":"wp","href":"https:\/\/api.w.org\/{rel}","templated":true}]}}